{"id":1966,"date":"2026-08-31T18:41:47","date_gmt":"2026-08-31T16:41:47","guid":{"rendered":"https:\/\/tpec.fr\/?page_id=1966"},"modified":"2026-09-02T15:36:25","modified_gmt":"2026-09-02T13:36:25","slug":"nos-metiers","status":"publish","type":"page","link":"https:\/\/tpec.fr\/index.php\/nos-metiers\/","title":{"rendered":"Nos m\u00e9tiers"},"content":{"rendered":"\n<div class=\"wp-block-cover\" style=\"margin-top:0;margin-bottom:0;min-height:220px;aspect-ratio:unset;\"><span aria-hidden=\"true\" class=\"wp-block-cover__background has-background-dim-100 has-background-dim\" style=\"background-color:#363232\"><\/span><div class=\"wp-block-cover__inner-container has-global-padding is-layout-constrained wp-block-cover-is-layout-constrained\">\n<h2 class=\"wp-block-heading has-text-align-center has-base-color has-text-color has-link-color has-mulish-font-family has-x-large-font-size wp-elements-594c6203e874be7aa42d813e4e098cf6\">NOS M\u00c9TIERS<\/h2>\n\n\n\n<p class=\"has-text-align-center wp-block-paragraph\" style=\"font-size:clamp(14px, 0.875rem + ((1vw - 3.2px) * 0.1), 15px);\">CONCEPTEUR \/ CONSTRUCTEUR CL\u00c9 EN MAIN &#8211; MA\u00ceTRE D&rsquo;OEUVRE &#8211; PROMOTEUR &#8211; INVESTISSEUR<\/p>\n<\/div><\/div>\n\n\n\n<div style=\"margin-top:0;margin-bottom:0;height:120px\" aria-hidden=\"true\" class=\"wp-block-spacer\"><\/div>\n\n\n\n<div class=\"wp-block-group has-transparent-background-color has-background has-global-padding is-layout-constrained wp-container-core-group-is-layout-f4ac7172 wp-block-group-is-layout-constrained\" style=\"margin-top:0;margin-bottom:0\">\n<h2 class=\"wp-block-heading alignwide has-custom-orange-tpec-color has-text-color has-link-color has-mulish-font-family has-large-font-size wp-elements-bb857841792cbfbd78e2c5c37667b1cc\">CONCEPTEUR \/ CONSTRUCTEUR CL\u00c9 EN MAIN<\/h2>\n\n\n\n<div class=\"wp-block-columns alignwide is-layout-flex wp-container-core-columns-is-layout-84c2cd25 wp-block-columns-is-layout-flex\">\n<div class=\"wp-block-column is-layout-flow wp-block-column-is-layout-flow\" style=\"flex-basis:500px\">\n<figure class=\"wp-block-image size-large is-resized has-custom-border wp-duotone-unset-1\"><img fetchpriority=\"high\" decoding=\"async\" width=\"1024\" height=\"576\" src=\"https:\/\/tpec.fr\/wp-content\/uploads\/2026\/08\/Vue-depuis-lentree-1024x576.png\" alt=\"\" class=\"wp-image-1719\" style=\"border-top-left-radius:0px;border-top-right-radius:0px;border-bottom-left-radius:0px;border-bottom-right-radius:0px;object-fit:cover;object-position:100% 45%;width:500px;height:300px\" srcset=\"https:\/\/tpec.fr\/wp-content\/uploads\/2026\/08\/Vue-depuis-lentree-1024x576.png 1024w, https:\/\/tpec.fr\/wp-content\/uploads\/2026\/08\/Vue-depuis-lentree-300x169.png 300w, https:\/\/tpec.fr\/wp-content\/uploads\/2026\/08\/Vue-depuis-lentree-768x432.png 768w, https:\/\/tpec.fr\/wp-content\/uploads\/2026\/08\/Vue-depuis-lentree-1536x864.png 1536w, https:\/\/tpec.fr\/wp-content\/uploads\/2026\/08\/Vue-depuis-lentree-2048x1152.png 2048w\" sizes=\"(max-width: 1024px) 100vw, 1024px\" \/><\/figure>\n<\/div>\n\n\n\n<div class=\"wp-block-column is-layout-flow wp-block-column-is-layout-flow\" style=\"flex-basis:800px\">\n<p class=\"has-black-color has-text-color has-link-color has-small-font-size wp-elements-0dc0b3ec8ec05c8053d0ea2c99248450 wp-block-paragraph\">Interlocuteur unique de la conception \u00e0 la livraison, notre \u00e9quipe accompagne chaque client dans la construction, l&rsquo;extension, la r\u00e9habilitation ou la mise aux normes de son b\u00e2timent, quel que soit son secteur d&rsquo;activit\u00e9 \u2014 industrie, logistique, tertiaire, commercial, agroalimentaire, pharmacie ou chimie. <\/p>\n\n\n\n<p class=\"has-black-color has-text-color has-link-color has-small-font-size wp-elements-0738a3d97d362b359fa1e6ea4357ef49 wp-block-paragraph\">De l&rsquo;esquisse \u00e0 la remise des cl\u00e9s, nous pilotons votre projet de bout en bout, sans interm\u00e9diaire ni sous-traitance de la conception. Toutes les \u00e9tudes sont men\u00e9es en interne par notre \u00e9quipe, garante d&rsquo;une coh\u00e9rence totale entre vision architecturale, faisabilit\u00e9 technique et r\u00e9alit\u00e9 du terrain. Un seul interlocuteur, une \u00e9quipe resserr\u00e9e, une exigence constante : nous traduisons vos besoins en un projet abouti.<\/p>\n<\/div>\n<\/div>\n<\/div>\n\n\n\n<div style=\"margin-top:0;margin-bottom:0;height:120px\" aria-hidden=\"true\" class=\"wp-block-spacer\"><\/div>\n\n\n\n<div class=\"wp-block-group has-custom-color-3-background-color has-background has-global-padding is-layout-constrained wp-container-core-group-is-layout-7309737f wp-block-group-is-layout-constrained\" style=\"margin-top:0;margin-bottom:0;padding-top:var(--wp--preset--spacing--50);padding-bottom:var(--wp--preset--spacing--50)\">\n<h2 class=\"wp-block-heading alignwide has-custom-orange-tpec-color has-text-color has-link-color has-mulish-font-family has-large-font-size wp-elements-5de1bf4c3a61cfc7f38bcf7b04033323\">MA\u00ceTRE D&rsquo;OEUVRE TOUT CORPS D&rsquo;\u00c9TAT<\/h2>\n\n\n\n<div class=\"wp-block-columns alignwide is-layout-flex wp-container-core-columns-is-layout-84c2cd25 wp-block-columns-is-layout-flex\">\n<div class=\"wp-block-column is-layout-flow wp-block-column-is-layout-flow\" style=\"flex-basis:800px\">\n<p class=\"has-black-color has-text-color has-link-color has-small-font-size wp-elements-a50a24f4a2636eaf6a0af33fbed05b52 wp-block-paragraph\">Notre \u00e9quipe intervient sur l&rsquo;ensemble des phases de votre projet : diagnostic, faisabilit\u00e9, esquisse, permis de construire, \u00e9tudes d&rsquo;ex\u00e9cution, consultation des entreprises, jusqu&rsquo;au suivi de chantier et \u00e0 la r\u00e9ception des travaux. <\/p>\n\n\n\n<p class=\"has-black-color has-text-color has-link-color has-small-font-size wp-elements-189fe61a370fce8e9173ca5da38de4ba wp-block-paragraph\">Cette continuit\u00e9, port\u00e9e par les m\u00eames personnes du d\u00e9but \u00e0 la fin, nous permet de garder une vision claire et coh\u00e9rente du projet, sans rupture d&rsquo;information entre les \u00e9tapes. En dialogue permanent avec vous, nous ajustons le projet \u00e0 chaque phase pour garantir le respect du programme, des d\u00e9lais et du budget, avec une exigence de terrain plut\u00f4t qu&rsquo;une gestion \u00e0 distance.<\/p>\n<\/div>\n\n\n\n<div class=\"wp-block-column is-layout-flow wp-block-column-is-layout-flow\" style=\"flex-basis:500px\">\n<figure class=\"wp-block-image size-large is-resized has-custom-border wp-duotone-unset-2\"><img decoding=\"async\" width=\"1024\" height=\"768\" src=\"https:\/\/tpec.fr\/wp-content\/uploads\/2026\/08\/IMG_2331-1024x768.jpeg\" alt=\"\" class=\"wp-image-1847\" style=\"border-top-left-radius:0px;border-top-right-radius:0px;border-bottom-left-radius:0px;border-bottom-right-radius:0px;object-fit:cover;object-position:44% 55%;width:500px;height:270px\" srcset=\"https:\/\/tpec.fr\/wp-content\/uploads\/2026\/08\/IMG_2331-1024x768.jpeg 1024w, https:\/\/tpec.fr\/wp-content\/uploads\/2026\/08\/IMG_2331-300x225.jpeg 300w, https:\/\/tpec.fr\/wp-content\/uploads\/2026\/08\/IMG_2331-768x576.jpeg 768w, https:\/\/tpec.fr\/wp-content\/uploads\/2026\/08\/IMG_2331-1536x1152.jpeg 1536w, https:\/\/tpec.fr\/wp-content\/uploads\/2026\/08\/IMG_2331.jpeg 2048w\" sizes=\"(max-width: 1024px) 100vw, 1024px\" \/><\/figure>\n<\/div>\n<\/div>\n<\/div>\n\n\n\n<div style=\"margin-top:0;margin-bottom:0;height:120px\" aria-hidden=\"true\" class=\"wp-block-spacer\"><\/div>\n\n\n\n<div class=\"wp-block-group has-global-padding is-layout-constrained wp-container-core-group-is-layout-f4ac7172 wp-block-group-is-layout-constrained\" style=\"margin-top:0;margin-bottom:0\">\n<h2 class=\"wp-block-heading alignwide has-custom-orange-tpec-color has-text-color has-link-color has-mulish-font-family has-large-font-size wp-elements-9ac6047233bc7cb3f01a52ab6ca66368\">PROMOTEUR IMMOBILIER<\/h2>\n\n\n\n<div class=\"wp-block-columns alignwide is-layout-flex wp-container-core-columns-is-layout-84c2cd25 wp-block-columns-is-layout-flex\">\n<div class=\"wp-block-column is-layout-flow wp-block-column-is-layout-flow\" style=\"flex-basis:500px\">\n<figure class=\"wp-block-image size-large is-resized has-custom-border wp-duotone-unset-3\"><img decoding=\"async\" width=\"1024\" height=\"576\" src=\"https:\/\/tpec.fr\/wp-content\/uploads\/2026\/09\/DJI_0057-edited-1024x576.jpeg\" alt=\"\" class=\"wp-image-2059\" style=\"border-top-left-radius:0px;border-top-right-radius:0px;border-bottom-left-radius:0px;border-bottom-right-radius:0px;object-fit:cover;object-position:50% 0%;width:500px;height:270px\" srcset=\"https:\/\/tpec.fr\/wp-content\/uploads\/2026\/09\/DJI_0057-edited-1024x576.jpeg 1024w, https:\/\/tpec.fr\/wp-content\/uploads\/2026\/09\/DJI_0057-edited-300x169.jpeg 300w, https:\/\/tpec.fr\/wp-content\/uploads\/2026\/09\/DJI_0057-edited-768x432.jpeg 768w, https:\/\/tpec.fr\/wp-content\/uploads\/2026\/09\/DJI_0057-edited-1536x864.jpeg 1536w, https:\/\/tpec.fr\/wp-content\/uploads\/2026\/09\/DJI_0057-edited-2048x1152.jpeg 2048w\" sizes=\"(max-width: 1024px) 100vw, 1024px\" \/><\/figure>\n<\/div>\n\n\n\n<div class=\"wp-block-column is-layout-flow wp-block-column-is-layout-flow\" style=\"flex-basis:800px\">\n<p class=\"has-black-color has-text-color has-link-color has-small-font-size wp-elements-994d04b4e465127c504b50bbe756cac6 wp-block-paragraph\">Nous accompagnons nos clients sur l&rsquo;ensemble de leurs projets immobiliers d&rsquo;entreprise et tertiaires : recherche et s\u00e9lection de fonciers attractifs, conception architecturale, obtention des autorisations administratives, commercialisation et pilotage des travaux jusqu&rsquo;\u00e0 la remise des cl\u00e9s. <\/p>\n\n\n\n<p class=\"has-black-color has-text-color has-link-color has-small-font-size wp-elements-eb9b0d9f20e06835bde6ca8d50cfd31a wp-block-paragraph\">Qu&rsquo;il s&rsquo;agisse de bureaux, de commerces, de plateformes logistiques ou de sites industriels, un interlocuteur unique coordonne l&rsquo;ensemble des intervenants, avec un engagement sur un prix fixe et ferme, pour offrir une visibilit\u00e9 totale sur l&rsquo;investissement et garantir des r\u00e9alisations int\u00e9grant des mat\u00e9riaux durables et des \u00e9nergies renouvelables.<\/p>\n<\/div>\n<\/div>\n<\/div>\n\n\n\n<div style=\"margin-top:0;margin-bottom:0;height:120px\" aria-hidden=\"true\" class=\"wp-block-spacer\"><\/div>\n\n\n\n<div class=\"wp-block-group has-custom-color-3-background-color has-background has-global-padding is-layout-constrained wp-container-core-group-is-layout-7309737f wp-block-group-is-layout-constrained\" style=\"margin-top:0;margin-bottom:0;padding-top:var(--wp--preset--spacing--50);padding-bottom:var(--wp--preset--spacing--50)\">\n<h2 class=\"wp-block-heading alignwide has-custom-orange-tpec-color has-text-color has-link-color has-mulish-font-family has-large-font-size wp-elements-7002e76528ee535c2fb15fc960fbd3bc\">FINANCEMENT IMMOBILIER D&rsquo;ENTREPRISE<\/h2>\n\n\n\n<div class=\"wp-block-columns alignwide is-layout-flex wp-container-core-columns-is-layout-84c2cd25 wp-block-columns-is-layout-flex\">\n<div class=\"wp-block-column is-layout-flow wp-block-column-is-layout-flow\" style=\"flex-basis:800px\">\n<p class=\"has-black-color has-text-color has-link-color has-small-font-size wp-elements-ffef2b0b1b606d606a5e87b40ec0a487 wp-block-paragraph\">Gr\u00e2ce \u00e0 une v\u00e9ritable ing\u00e9nierie financi\u00e8re, nous accompagnons nos clients dans l&rsquo;investissement ou le co-investissement de leurs projets immobiliers d&rsquo;entreprise \u2014 bureaux, entrep\u00f4ts, sites industriels ou pharmaceutiques. Deux approches sont possibles : un financement \u00e0 100 % du projet, ou un co-investissement au sein d&rsquo;une structure partag\u00e9e permettant au client de rester propri\u00e9taire d&rsquo;une partie de son patrimoine. <\/p>\n\n\n\n<p class=\"has-black-color has-text-color has-link-color has-small-font-size wp-elements-9c9e0625ea56556d2d5f45c92ece8b90 wp-block-paragraph\">De l&rsquo;acquisition du foncier au montage juridique et administratif, en passant par le financement de la conception construction jusqu&rsquo;\u00e0 la gestion locative technique, financi\u00e8re et comptable du b\u00e2timent livr\u00e9, nous assurons un accompagnement de bout en bout qui lib\u00e8re les fonds propres de nos clients pour qu&rsquo;ils les r\u00e9investissent dans leur c\u0153ur de m\u00e9tier.<\/p>\n<\/div>\n\n\n\n<div class=\"wp-block-column is-layout-flow wp-block-column-is-layout-flow\" style=\"flex-basis:500px\">\n<figure class=\"wp-block-image size-large is-resized has-custom-border wp-duotone-unset-4\"><img loading=\"lazy\" decoding=\"async\" width=\"1024\" height=\"768\" src=\"https:\/\/tpec.fr\/wp-content\/uploads\/2024\/07\/IMG_8616-1024x768.jpg\" alt=\"\" class=\"wp-image-1454\" style=\"border-top-left-radius:0px;border-top-right-radius:0px;border-bottom-left-radius:0px;border-bottom-right-radius:0px;object-fit:cover;object-position:47% 13%;width:500px;height:300px\" srcset=\"https:\/\/tpec.fr\/wp-content\/uploads\/2024\/07\/IMG_8616-1024x768.jpg 1024w, https:\/\/tpec.fr\/wp-content\/uploads\/2024\/07\/IMG_8616-300x225.jpg 300w, https:\/\/tpec.fr\/wp-content\/uploads\/2024\/07\/IMG_8616-768x576.jpg 768w\" sizes=\"(max-width: 1024px) 100vw, 1024px\" \/><\/figure>\n<\/div>\n<\/div>\n<\/div>\n\n\n\n<div style=\"margin-top:0;margin-bottom:0;height:120px\" aria-hidden=\"true\" class=\"wp-block-spacer\"><\/div>\n\n\n\n<div class=\"wp-block-group has-global-padding is-layout-constrained wp-container-core-group-is-layout-f4ac7172 wp-block-group-is-layout-constrained\" style=\"margin-top:0;margin-bottom:0\">\n<h2 class=\"wp-block-heading alignwide has-custom-orange-tpec-color has-text-color has-link-color has-mulish-font-family has-large-font-size wp-elements-8887c15c3e724845e014567e22c12ffe\">INSTALLATIONS PHOTOVOLTA\u00cfQUES<\/h2>\n\n\n\n<div class=\"wp-block-columns alignwide is-layout-flex wp-container-core-columns-is-layout-84c2cd25 wp-block-columns-is-layout-flex\">\n<div class=\"wp-block-column is-layout-flow wp-block-column-is-layout-flow\" style=\"flex-basis:500px\">\n<figure class=\"wp-block-image size-large is-resized has-custom-border wp-duotone-unset-5\"><img loading=\"lazy\" decoding=\"async\" width=\"1024\" height=\"768\" src=\"https:\/\/tpec.fr\/wp-content\/uploads\/2026\/08\/IMG_6340-1024x768.jpeg\" alt=\"\" class=\"wp-image-1831\" style=\"border-top-left-radius:0px;border-top-right-radius:0px;border-bottom-left-radius:0px;border-bottom-right-radius:0px;object-fit:cover;object-position:54% 100%;width:500px;height:300px\" srcset=\"https:\/\/tpec.fr\/wp-content\/uploads\/2026\/08\/IMG_6340-1024x768.jpeg 1024w, https:\/\/tpec.fr\/wp-content\/uploads\/2026\/08\/IMG_6340-300x225.jpeg 300w, https:\/\/tpec.fr\/wp-content\/uploads\/2026\/08\/IMG_6340-768x576.jpeg 768w, https:\/\/tpec.fr\/wp-content\/uploads\/2026\/08\/IMG_6340-1536x1152.jpeg 1536w, https:\/\/tpec.fr\/wp-content\/uploads\/2026\/08\/IMG_6340.jpeg 2048w\" sizes=\"(max-width: 1024px) 100vw, 1024px\" \/><\/figure>\n<\/div>\n\n\n\n<div class=\"wp-block-column is-layout-flow wp-block-column-is-layout-flow\" style=\"flex-basis:800px\">\n<p class=\"has-black-color has-text-color has-link-color has-small-font-size wp-elements-73b6247c980da4ad881fde2e850592a0 wp-block-paragraph\">Nous concevons, installons et exploitons des centrales photovolta\u00efques sur mesure, en toiture ou au sol, pour permettre \u00e0 nos clients de produire et d&rsquo;autoconsommer une \u00e9nergie verte et d\u00e9carbon\u00e9e. De l&rsquo;\u00e9tude d&rsquo;implantation \u2014 orientation, ensoleillement, contraintes structurelles du b\u00e2timent \u2014 jusqu&rsquo;\u00e0 la maintenance des \u00e9quipements, en passant par l&rsquo;int\u00e9gration de solutions de stockage et de suivi solaire, notre expertise garantit un rendement \u00e9nerg\u00e9tique optimal et une rentabilit\u00e9 durable de l&rsquo;installation. <\/p>\n\n\n\n<p class=\"has-black-color has-text-color has-link-color has-small-font-size wp-elements-9607bcc5e4275730c0dd27ee98889113 wp-block-paragraph\">Cette d\u00e9marche s&rsquo;inscrit dans une strat\u00e9gie plus large de transition \u00e9nerg\u00e9tique, aux c\u00f4t\u00e9s d&rsquo;autres solutions renouvelables comme la g\u00e9othermie, et contribue directement \u00e0 la r\u00e9duction de l&#8217;empreinte carbone des sites industriels, logistiques et tertiaires de nos clients.<\/p>\n<\/div>\n<\/div>\n<\/div>\n\n\n\n<div style=\"margin-top:0;margin-bottom:0;height:120px\" aria-hidden=\"true\" class=\"wp-block-spacer\"><\/div>\n","protected":false},"excerpt":{"rendered":"<p>CONCEPTEUR \/ CONSTRUCTEUR CL\u00c9 EN MAIN Interlocuteur unique de la conception \u00e0 la livraison, notre \u00e9quipe accompagne chaque client dans la construction, l&rsquo;extension, la r\u00e9habilitation ou la mise aux normes de son b\u00e2timent, quel que soit son secteur d&rsquo;activit\u00e9 \u2014 industrie, logistique, tertiaire, commercial, agroalimentaire, pharmacie ou chimie. De l&rsquo;esquisse \u00e0 la remise des cl\u00e9s, [&hellip;]<\/p>\n","protected":false},"author":2,"featured_media":0,"parent":0,"menu_order":0,"comment_status":"closed","ping_status":"closed","template":"","meta":{"_acf_changed":false,"footnotes":""},"class_list":["post-1966","page","type-page","status-publish","hentry"],"acf":[],"_links":{"self":[{"href":"https:\/\/tpec.fr\/index.php\/wp-json\/wp\/v2\/pages\/1966","targetHints":{"allow":["GET"]}}],"collection":[{"href":"https:\/\/tpec.fr\/index.php\/wp-json\/wp\/v2\/pages"}],"about":[{"href":"https:\/\/tpec.fr\/index.php\/wp-json\/wp\/v2\/types\/page"}],"author":[{"embeddable":true,"href":"https:\/\/tpec.fr\/index.php\/wp-json\/wp\/v2\/users\/2"}],"replies":[{"embeddable":true,"href":"https:\/\/tpec.fr\/index.php\/wp-json\/wp\/v2\/comments?post=1966"}],"version-history":[{"count":9,"href":"https:\/\/tpec.fr\/index.php\/wp-json\/wp\/v2\/pages\/1966\/revisions"}],"predecessor-version":[{"id":2082,"href":"https:\/\/tpec.fr\/index.php\/wp-json\/wp\/v2\/pages\/1966\/revisions\/2082"}],"wp:attachment":[{"href":"https:\/\/tpec.fr\/index.php\/wp-json\/wp\/v2\/media?parent=1966"}],"curies":[{"name":"wp","href":"https:\/\/api.w.org\/{rel}","templated":true}]}}