{"id":1755,"date":"2026-08-14T16:08:22","date_gmt":"2026-08-14T14:08:22","guid":{"rendered":"https:\/\/tpec.fr\/?page_id=1755"},"modified":"2026-09-03T17:45:32","modified_gmt":"2026-09-03T15:45:32","slug":"actualites","status":"publish","type":"page","link":"https:\/\/tpec.fr\/index.php\/actualites\/","title":{"rendered":"Actualit\u00e9s"},"content":{"rendered":"\n<div class=\"wp-block-cover\" style=\"min-height:220px;aspect-ratio:unset;\"><span aria-hidden=\"true\" class=\"wp-block-cover__background has-background-dim-100 has-background-dim\" style=\"background-color:#363232\"><\/span><div class=\"wp-block-cover__inner-container has-global-padding is-layout-constrained wp-block-cover-is-layout-constrained\">\n<h2 class=\"wp-block-heading has-text-align-center has-base-color has-text-color has-link-color has-mulish-font-family has-x-large-font-size wp-elements-28ba2a4b068ae41087a9663c5219c670\">ACTUALIT\u00c9S<\/h2>\n\n\n\n<p class=\"has-text-align-center wp-block-paragraph\" style=\"font-size:clamp(14px, 0.875rem + ((1vw - 3.2px) * 0.1), 15px);\">D\u00e9couvrez les derni\u00e8res nouvelles de TPEC, nos projets en cours et les r\u00e9alisations r\u00e9cemment livr\u00e9es.<\/p>\n<\/div><\/div>\n\n\n\n\n\n\n\n<div class=\"wp-block-group has-global-padding is-layout-constrained wp-block-group-is-layout-constrained\">\n<div class=\"wp-block-columns alignwide has-border-color has-custom-gris-tpec-border-color is-layout-flex wp-container-core-columns-is-layout-d08b7b4c wp-block-columns-is-layout-flex\" style=\"border-width:1px;box-shadow:var(--wp--preset--shadow--natural)\">\n<div class=\"wp-block-column is-layout-flow wp-block-column-is-layout-flow\" style=\"flex-basis:40%\">\n<figure class=\"wp-block-image size-large is-resized\"><img fetchpriority=\"high\" decoding=\"async\" width=\"1024\" height=\"768\" src=\"https:\/\/tpec.fr\/wp-content\/uploads\/2026\/09\/IMG_0556-1024x768.jpg\" alt=\"\" class=\"wp-image-2115\" style=\"aspect-ratio:16\/9;object-fit:cover;object-position:55% 51%;width:600px\" srcset=\"https:\/\/tpec.fr\/wp-content\/uploads\/2026\/09\/IMG_0556-1024x768.jpg 1024w, https:\/\/tpec.fr\/wp-content\/uploads\/2026\/09\/IMG_0556-300x225.jpg 300w, https:\/\/tpec.fr\/wp-content\/uploads\/2026\/09\/IMG_0556-768x576.jpg 768w, https:\/\/tpec.fr\/wp-content\/uploads\/2026\/09\/IMG_0556-1536x1152.jpg 1536w, https:\/\/tpec.fr\/wp-content\/uploads\/2026\/09\/IMG_0556-2048x1536.jpg 2048w\" sizes=\"(max-width: 1024px) 100vw, 1024px\" \/><\/figure>\n<\/div>\n\n\n\n<div class=\"wp-block-column is-layout-flow wp-container-core-column-is-layout-433db7a1 wp-block-column-is-layout-flow\" style=\"padding-top:var(--wp--preset--spacing--50);padding-right:var(--wp--preset--spacing--60);padding-bottom:var(--wp--preset--spacing--50);padding-left:var(--wp--preset--spacing--60);flex-basis:60%\">\n<h3 class=\"wp-block-heading has-black-color has-text-color has-link-color has-mulish-font-family has-medium-font-size wp-elements-82cbbb47f55f3231011292b8d4f4c320\">TPEC LIVRE LA R\u00c9HABILITATION D&rsquo;UN B\u00c2TIMENT INDUSTRIEL \u00c0 LUC\u00c9 (28)<\/h3>\n\n\n\n<p class=\"has-custom-orange-tpec-color has-text-color has-link-color wp-elements-1efc77928d92f5107d4e2de76e3c4de2 wp-block-paragraph\" style=\"font-size:clamp(0.875rem, 0.875rem + ((1vw - 0.2rem) * 0.04), 0.9rem);\">30 juillet 2026<\/p>\n\n\n\n<p class=\"has-link-color wp-elements-7b976785cfa72d570186458b43d5f799 wp-block-paragraph\" style=\"font-size:clamp(0.875rem, 0.875rem + ((1vw - 0.2rem) * 0.04), 0.9rem);\">TPEC intervient pour la seconde fois sur ce site industriel, apr\u00e8s une premi\u00e8re op\u00e9ration men\u00e9e en 2024 ayant permis de remplacer une partie de la couverture du b\u00e2timent.<\/p>\n\n\n\n<p class=\"wp-block-paragraph\" style=\"font-size:clamp(0.875rem, 0.875rem + ((1vw - 0.2rem) * 0.04), 0.9rem);\">Cette nouvelle phase comprend le remplacement du reste de la couverture, avec la mise en \u0153uvre d\u2019une nouvelle couverture blanche, ainsi que la cr\u00e9ation de 120 m\u00b2 de bureaux au sein d\u2019un espace existant, le tout r\u00e9alis\u00e9 en site occup\u00e9 afin de maintenir l\u2019activit\u00e9 de l\u2019entreprise pendant les travaux.<\/p>\n<\/div>\n<\/div>\n<\/div>\n\n\n\n<div class=\"wp-block-group has-global-padding is-layout-constrained wp-block-group-is-layout-constrained\">\n<div class=\"wp-block-columns alignwide has-border-color has-custom-gris-tpec-border-color is-layout-flex wp-container-core-columns-is-layout-d08b7b4c wp-block-columns-is-layout-flex\" style=\"border-width:1px;box-shadow:var(--wp--preset--shadow--natural)\">\n<div class=\"wp-block-column is-layout-flow wp-container-core-column-is-layout-433db7a1 wp-block-column-is-layout-flow\" style=\"padding-top:var(--wp--preset--spacing--50);padding-right:var(--wp--preset--spacing--60);padding-bottom:var(--wp--preset--spacing--50);padding-left:var(--wp--preset--spacing--60);flex-basis:60%\">\n<h3 class=\"wp-block-heading has-black-color has-text-color has-link-color has-mulish-font-family has-medium-font-size wp-elements-21d358a3448f0a85c620362074034f19\">TPEC POURSUIT LA CONSTRUCTION DE DEUX B\u00c2TIMENTS D\u00c9DI\u00c9S \u00c0 DES ACTIVIT\u00c9S TERTIAIRES ET COMMERCIALES \u00c0 FONTENAY-SUR-EURE (28)<\/h3>\n\n\n\n<p class=\"has-custom-orange-tpec-color has-text-color has-link-color wp-elements-1696afb072b7bfd3fbda7dd7cc1ec723 wp-block-paragraph\" style=\"font-size:clamp(0.875rem, 0.875rem + ((1vw - 0.2rem) * 0.04), 0.9rem);\">17 juillet 2026<\/p>\n\n\n\n<p class=\"has-link-color wp-elements-3afe978b160df8b6f687c01692f44a06 wp-block-paragraph\" style=\"font-size:clamp(0.875rem, 0.875rem + ((1vw - 0.2rem) * 0.04), 0.9rem);\">TPEC poursuit la construction de deux b\u00e2timents destin\u00e9s \u00e0 accueillir des activit\u00e9s tertiaires et commerciales. Le clos couvert \u00e9tant termin\u00e9, le projet va rentrer dans sa phase finale et les am\u00e9nagements int\u00e9rieurs vont bient\u00f4t pouvoir d\u00e9buter.<\/p>\n<\/div>\n\n\n\n<div class=\"wp-block-column is-layout-flow wp-block-column-is-layout-flow\" style=\"flex-basis:40%\">\n<figure class=\"wp-block-image size-large is-resized\"><img decoding=\"async\" width=\"1024\" height=\"768\" src=\"https:\/\/tpec.fr\/wp-content\/uploads\/2026\/09\/DJI_0145-1024x768.jpg\" alt=\"\" class=\"wp-image-2106\" style=\"aspect-ratio:16\/9;object-fit:cover;object-position:50% 85%;width:600px\" srcset=\"https:\/\/tpec.fr\/wp-content\/uploads\/2026\/09\/DJI_0145-1024x768.jpg 1024w, https:\/\/tpec.fr\/wp-content\/uploads\/2026\/09\/DJI_0145-300x225.jpg 300w, https:\/\/tpec.fr\/wp-content\/uploads\/2026\/09\/DJI_0145-768x576.jpg 768w, https:\/\/tpec.fr\/wp-content\/uploads\/2026\/09\/DJI_0145-1536x1152.jpg 1536w, https:\/\/tpec.fr\/wp-content\/uploads\/2026\/09\/DJI_0145-2048x1536.jpg 2048w\" sizes=\"(max-width: 1024px) 100vw, 1024px\" \/><\/figure>\n<\/div>\n<\/div>\n<\/div>\n\n\n\n<div class=\"wp-block-group has-global-padding is-layout-constrained wp-block-group-is-layout-constrained\">\n<div class=\"wp-block-columns alignwide has-border-color has-custom-gris-tpec-border-color is-layout-flex wp-container-core-columns-is-layout-d08b7b4c wp-block-columns-is-layout-flex\" style=\"border-width:1px;box-shadow:var(--wp--preset--shadow--natural)\">\n<div class=\"wp-block-column is-layout-flow wp-block-column-is-layout-flow\" style=\"flex-basis:40%\">\n<figure class=\"wp-block-image size-large is-resized\"><img decoding=\"async\" width=\"1024\" height=\"576\" src=\"https:\/\/tpec.fr\/wp-content\/uploads\/2026\/09\/IMG_E3685-1024x576.jpg\" alt=\"\" class=\"wp-image-2102\" style=\"aspect-ratio:16\/9;object-fit:cover;object-position:50% 56%;width:600px\" srcset=\"https:\/\/tpec.fr\/wp-content\/uploads\/2026\/09\/IMG_E3685-1024x576.jpg 1024w, https:\/\/tpec.fr\/wp-content\/uploads\/2026\/09\/IMG_E3685-300x169.jpg 300w, https:\/\/tpec.fr\/wp-content\/uploads\/2026\/09\/IMG_E3685-768x432.jpg 768w, https:\/\/tpec.fr\/wp-content\/uploads\/2026\/09\/IMG_E3685-1536x864.jpg 1536w, https:\/\/tpec.fr\/wp-content\/uploads\/2026\/09\/IMG_E3685-2048x1152.jpg 2048w\" sizes=\"(max-width: 1024px) 100vw, 1024px\" \/><\/figure>\n<\/div>\n\n\n\n<div class=\"wp-block-column is-layout-flow wp-container-core-column-is-layout-433db7a1 wp-block-column-is-layout-flow\" style=\"padding-top:var(--wp--preset--spacing--50);padding-right:var(--wp--preset--spacing--60);padding-bottom:var(--wp--preset--spacing--50);padding-left:var(--wp--preset--spacing--60);flex-basis:60%\">\n<h3 class=\"wp-block-heading has-black-color has-text-color has-link-color has-mulish-font-family has-medium-font-size wp-elements-567e29bf58fee7c0fab16588e7c3461f\">TPEC LIVRE LA 1\u00c8RE PARTIE D&rsquo;UN PROJET DE CONSTRUCTION D&rsquo;UN IMMEUBLE TERTIAIRE \u00c0 CHARTRES (28)<\/h3>\n\n\n\n<p class=\"has-custom-orange-tpec-color has-text-color has-link-color wp-elements-e2ea77c26132aebb1e4e8859561390b5 wp-block-paragraph\" style=\"font-size:clamp(0.875rem, 0.875rem + ((1vw - 0.2rem) * 0.04), 0.9rem);\">10 juillet 2026<\/p>\n\n\n\n<p class=\"has-link-color wp-elements-c30f8a1548b8b0c222206aa2e1bacb8f wp-block-paragraph\" style=\"font-size:clamp(0.875rem, 0.875rem + ((1vw - 0.2rem) * 0.04), 0.9rem);\">TPEC a finalis\u00e9 la premi\u00e8re phase de construction d\u2019un nouvel immeuble tertiaire, avec la r\u00e9alisation d\u2019un parking en mat\u00e9riaux perm\u00e9ables.<\/p>\n\n\n\n<p class=\"wp-block-paragraph\" style=\"font-size:clamp(0.875rem, 0.875rem + ((1vw - 0.2rem) * 0.04), 0.9rem);\">Cette premi\u00e8re \u00e9tape achev\u00e9e, le projet entre d\u00e9sormais dans sa seconde phase avec le d\u00e9marrage de la construction du b\u00e2timent tertiaire. Une nouvelle \u00e9tape qui vient concr\u00e9tiser le projet architectural et donner forme au futur b\u00e2timent.<\/p>\n<\/div>\n<\/div>\n<\/div>\n\n\n\n<div class=\"wp-block-group has-global-padding is-layout-constrained wp-block-group-is-layout-constrained\">\n<div class=\"wp-block-columns alignwide has-border-color has-custom-gris-tpec-border-color is-layout-flex wp-container-core-columns-is-layout-d08b7b4c wp-block-columns-is-layout-flex\" style=\"border-width:1px;box-shadow:var(--wp--preset--shadow--natural)\">\n<div class=\"wp-block-column is-layout-flow wp-container-core-column-is-layout-433db7a1 wp-block-column-is-layout-flow\" style=\"padding-top:var(--wp--preset--spacing--50);padding-right:var(--wp--preset--spacing--60);padding-bottom:var(--wp--preset--spacing--50);padding-left:var(--wp--preset--spacing--60);flex-basis:60%\">\n<h3 class=\"wp-block-heading has-black-color has-text-color has-link-color has-mulish-font-family has-medium-font-size wp-elements-15baff9f74375a965aa400eb2d173c2e\">TPEC REJOINT LA CEC (CONVENTION DES ENTREPRISES POUR LE CLIMAT) EN CENTRE-VAL DE LOIRE<\/h3>\n\n\n\n<p class=\"has-custom-orange-tpec-color has-text-color has-link-color wp-elements-081d108e61336535c79445323bd7544c wp-block-paragraph\" style=\"font-size:clamp(0.875rem, 0.875rem + ((1vw - 0.2rem) * 0.04), 0.9rem);\">7 juillet 2026<\/p>\n\n\n\n<p class=\"has-link-color wp-elements-a62daf4bafa61441aee65a4586360f32 wp-block-paragraph\" style=\"font-size:clamp(0.875rem, 0.875rem + ((1vw - 0.2rem) * 0.04), 0.9rem);\">Chez TPEC, notre engagement environnemental a d\u00e9but\u00e9 il y a 16 ans, en 2010, avec la construction de notre premier b\u00e2timent basse consommation, int\u00e9grant photovolta\u00efque et g\u00e9othermie. Depuis, nous avons ancr\u00e9 une d\u00e9marche de construction responsable, avec des engagements forts et concrets, tout en restant pragmatiques.<\/p>\n\n\n\n<p class=\"wp-block-paragraph\" style=\"font-size:clamp(0.875rem, 0.875rem + ((1vw - 0.2rem) * 0.04), 0.9rem);\">Aujourd\u2019hui, c\u2019est tout naturellement que nous franchissons une nouvelle \u00e9tape en rejoignant le 1er parcours CEC de la r\u00e9gion Centre-Val de Loire.<\/p>\n<\/div>\n\n\n\n<div class=\"wp-block-column is-layout-flow wp-block-column-is-layout-flow\" style=\"flex-basis:40%\">\n<figure class=\"wp-block-image size-large is-resized\"><img loading=\"lazy\" decoding=\"async\" width=\"1024\" height=\"1024\" src=\"https:\/\/tpec.fr\/wp-content\/uploads\/2026\/08\/CEC-1024x1024.jpg\" alt=\"\" class=\"wp-image-1764\" style=\"aspect-ratio:16\/9;object-fit:cover;object-position:51% 15%;width:600px\" srcset=\"https:\/\/tpec.fr\/wp-content\/uploads\/2026\/08\/CEC-1024x1024.jpg 1024w, https:\/\/tpec.fr\/wp-content\/uploads\/2026\/08\/CEC-300x300.jpg 300w, https:\/\/tpec.fr\/wp-content\/uploads\/2026\/08\/CEC-150x150.jpg 150w, https:\/\/tpec.fr\/wp-content\/uploads\/2026\/08\/CEC-768x768.jpg 768w, https:\/\/tpec.fr\/wp-content\/uploads\/2026\/08\/CEC.jpg 1080w\" sizes=\"(max-width: 1024px) 100vw, 1024px\" \/><\/figure>\n<\/div>\n<\/div>\n<\/div>\n\n\n\n<div class=\"wp-block-group has-global-padding is-layout-constrained wp-block-group-is-layout-constrained\">\n<div class=\"wp-block-columns alignwide has-border-color has-custom-gris-tpec-border-color is-layout-flex wp-container-core-columns-is-layout-d08b7b4c wp-block-columns-is-layout-flex\" style=\"border-width:1px;box-shadow:var(--wp--preset--shadow--natural)\">\n<div class=\"wp-block-column is-layout-flow wp-block-column-is-layout-flow\" style=\"flex-basis:40%\">\n<figure class=\"wp-block-image size-large is-resized\"><img loading=\"lazy\" decoding=\"async\" width=\"1024\" height=\"768\" src=\"https:\/\/tpec.fr\/wp-content\/uploads\/2026\/08\/IMG_6313-1024x768.jpeg\" alt=\"\" class=\"wp-image-1828\" style=\"aspect-ratio:16\/9;object-fit:cover;object-position:40% 50%;width:600px\" srcset=\"https:\/\/tpec.fr\/wp-content\/uploads\/2026\/08\/IMG_6313-1024x768.jpeg 1024w, https:\/\/tpec.fr\/wp-content\/uploads\/2026\/08\/IMG_6313-300x225.jpeg 300w, https:\/\/tpec.fr\/wp-content\/uploads\/2026\/08\/IMG_6313-768x576.jpeg 768w, https:\/\/tpec.fr\/wp-content\/uploads\/2026\/08\/IMG_6313-1536x1152.jpeg 1536w, https:\/\/tpec.fr\/wp-content\/uploads\/2026\/08\/IMG_6313.jpeg 2048w\" sizes=\"(max-width: 1024px) 100vw, 1024px\" \/><\/figure>\n<\/div>\n\n\n\n<div class=\"wp-block-column is-layout-flow wp-container-core-column-is-layout-433db7a1 wp-block-column-is-layout-flow\" style=\"padding-top:var(--wp--preset--spacing--50);padding-right:var(--wp--preset--spacing--60);padding-bottom:var(--wp--preset--spacing--50);padding-left:var(--wp--preset--spacing--60);flex-basis:60%\">\n<h3 class=\"wp-block-heading has-black-color has-text-color has-link-color has-mulish-font-family has-medium-font-size wp-elements-df11d5e673d3dc395370951caf2f7d80\">TPEC LIVRE L&rsquo;EXTENSION DE L&rsquo;USINE LGR PHARPRINT \u00c0 DREUX (28)<\/h3>\n\n\n\n<p class=\"has-custom-orange-tpec-color has-text-color has-link-color wp-elements-f3aef9ecd98d4d8ebebca1adcd08176a wp-block-paragraph\" style=\"font-size:clamp(0.875rem, 0.875rem + ((1vw - 0.2rem) * 0.04), 0.9rem);\">2 juillet 2026<\/p>\n\n\n\n<p class=\"has-link-color wp-elements-f7777c62ea56f999bfbbdec736124270 wp-block-paragraph\" style=\"font-size:clamp(0.875rem, 0.875rem + ((1vw - 0.2rem) * 0.04), 0.9rem);\">TPEC a accompagn\u00e9 LGR Pharprint dans l\u2019extension de son site industriel, en conception et construction cl\u00e9 en main, le tout r\u00e9alis\u00e9 en site occup\u00e9 afin de maintenir l\u2019activit\u00e9 de l\u2019entreprise pendant les travaux.<\/p>\n\n\n\n<p class=\"wp-block-paragraph\" style=\"font-size:clamp(0.875rem, 0.875rem + ((1vw - 0.2rem) * 0.04), 0.9rem);\">La conception du projet a int\u00e9gr\u00e9 les contraintes li\u00e9es \u00e0 l\u2019accumulation de neige en toiture, ainsi que l\u2019installation de panneaux photovolta\u00efques en toiture. L\u2019op\u00e9ration a \u00e9t\u00e9 men\u00e9e avec pour objectif de proposer \u00e0 LGR Pharprint un outil industriel moderne, performant et adapt\u00e9 \u00e0 l\u2019\u00e9volution de son activit\u00e9.<\/p>\n<\/div>\n<\/div>\n<\/div>\n\n\n\n<div class=\"wp-block-group has-global-padding is-layout-constrained wp-block-group-is-layout-constrained\">\n<div class=\"wp-block-columns alignwide has-border-color has-custom-gris-tpec-border-color is-layout-flex wp-container-core-columns-is-layout-d08b7b4c wp-block-columns-is-layout-flex\" style=\"border-width:1px;box-shadow:var(--wp--preset--shadow--natural)\">\n<div class=\"wp-block-column is-layout-flow wp-container-core-column-is-layout-433db7a1 wp-block-column-is-layout-flow\" style=\"padding-top:var(--wp--preset--spacing--50);padding-right:var(--wp--preset--spacing--60);padding-bottom:var(--wp--preset--spacing--50);padding-left:var(--wp--preset--spacing--60);flex-basis:60%\">\n<h3 class=\"wp-block-heading has-black-color has-text-color has-link-color has-mulish-font-family has-medium-font-size wp-elements-dbd4e45aae49f48205cc3abf89830ccf\">TPEC MIS \u00c0 L&rsquo;HONNEUR DANS LE NUM\u00c9RO 72 DE LA REVUE ALLURES BUSINESS EURE-ET-LOIR<\/h3>\n\n\n\n<p class=\"has-custom-orange-tpec-color has-text-color has-link-color wp-elements-68f9f0507f1fdf62ac4e7649404b9763 wp-block-paragraph\" style=\"font-size:clamp(0.875rem, 0.875rem + ((1vw - 0.2rem) * 0.04), 0.9rem);\">11 juin 2026<\/p>\n\n\n\n<p class=\"has-link-color wp-elements-f58da7f83a5a0b673fa610b397f44bd4 wp-block-paragraph\" style=\"font-size:clamp(0.875rem, 0.875rem + ((1vw - 0.2rem) * 0.04), 0.9rem);\">Une belle reconnaissance pour TPEC !<br>Nous sommes fiers que TPEC soit mis \u00e0 l&rsquo;honneur dans le num\u00e9ro 72 de juin 2026 de la revue Allures Business Eure-et-Loir.<\/p>\n\n\n\n<p class=\"wp-block-paragraph\" style=\"font-size:clamp(0.875rem, 0.875rem + ((1vw - 0.2rem) * 0.04), 0.9rem);\">Ce post illustre notre volont\u00e9 quotidienne, notre savoir-faire et nos valeurs : innovation, qualit\u00e9 de service, d\u00e9sir d\u2019accompagner nos clients &amp; partenaires dans la dur\u00e9e.<\/p>\n\n\n\n<p class=\"has-link-color wp-elements-4d73d02ccd0db6091671746a9c505360 wp-block-paragraph\" style=\"font-size:clamp(0.875rem, 0.875rem + ((1vw - 0.2rem) * 0.04), 0.9rem);\">Cette mise en lumi\u00e8re t\u00e9moigne surtout de l\u2019engagement collectif de nos \u00e9quipes, de la confiance de nos clients et de l\u2019appui de nos partenaires. Merci \u00e0 toutes celles et ceux qui participent chaque jour \u00e0 cette aventure entrepreneuriale.<\/p>\n<\/div>\n\n\n\n<div class=\"wp-block-column is-layout-flow wp-block-column-is-layout-flow\" style=\"flex-basis:40%\">\n<figure class=\"wp-block-image aligncenter size-large\"><img loading=\"lazy\" decoding=\"async\" width=\"1024\" height=\"724\" src=\"https:\/\/tpec.fr\/wp-content\/uploads\/2026\/09\/Allures-72-1024x724.png\" alt=\"\" class=\"wp-image-2097\" style=\"object-fit:cover;object-position:54% 24%\" srcset=\"https:\/\/tpec.fr\/wp-content\/uploads\/2026\/09\/Allures-72-1024x724.png 1024w, https:\/\/tpec.fr\/wp-content\/uploads\/2026\/09\/Allures-72-300x212.png 300w, https:\/\/tpec.fr\/wp-content\/uploads\/2026\/09\/Allures-72-768x543.png 768w, https:\/\/tpec.fr\/wp-content\/uploads\/2026\/09\/Allures-72-1536x1086.png 1536w, https:\/\/tpec.fr\/wp-content\/uploads\/2026\/09\/Allures-72-2048x1448.png 2048w\" sizes=\"(max-width: 1024px) 100vw, 1024px\" \/><\/figure>\n<\/div>\n<\/div>\n<\/div>\n\n\n\n<div class=\"wp-block-group has-global-padding is-layout-constrained wp-block-group-is-layout-constrained\">\n<div class=\"wp-block-columns alignwide has-border-color has-custom-gris-tpec-border-color is-layout-flex wp-container-core-columns-is-layout-d08b7b4c wp-block-columns-is-layout-flex\" style=\"border-width:1px;box-shadow:var(--wp--preset--shadow--natural)\">\n<div class=\"wp-block-column is-layout-flow wp-block-column-is-layout-flow\" style=\"flex-basis:40%\">\n<figure class=\"wp-block-image size-large is-resized\"><img loading=\"lazy\" decoding=\"async\" width=\"1024\" height=\"576\" src=\"https:\/\/tpec.fr\/wp-content\/uploads\/2026\/08\/Vue-depuis-lentree-1024x576.png\" alt=\"\" class=\"wp-image-1719\" style=\"aspect-ratio:16\/9;object-fit:cover;object-position:60% 43%;width:600px\" srcset=\"https:\/\/tpec.fr\/wp-content\/uploads\/2026\/08\/Vue-depuis-lentree-1024x576.png 1024w, https:\/\/tpec.fr\/wp-content\/uploads\/2026\/08\/Vue-depuis-lentree-300x169.png 300w, https:\/\/tpec.fr\/wp-content\/uploads\/2026\/08\/Vue-depuis-lentree-768x432.png 768w, https:\/\/tpec.fr\/wp-content\/uploads\/2026\/08\/Vue-depuis-lentree-1536x864.png 1536w, https:\/\/tpec.fr\/wp-content\/uploads\/2026\/08\/Vue-depuis-lentree-2048x1152.png 2048w\" sizes=\"(max-width: 1024px) 100vw, 1024px\" \/><\/figure>\n<\/div>\n\n\n\n<div class=\"wp-block-column is-layout-flow wp-container-core-column-is-layout-433db7a1 wp-block-column-is-layout-flow\" style=\"padding-top:var(--wp--preset--spacing--50);padding-right:var(--wp--preset--spacing--60);padding-bottom:var(--wp--preset--spacing--50);padding-left:var(--wp--preset--spacing--60);flex-basis:60%\">\n<h3 class=\"wp-block-heading has-black-color has-text-color has-link-color has-mulish-font-family has-medium-font-size wp-elements-3114f30e415368fa3521e5d94e94545d\">TPEC D\u00c9MARRE LA CONSTRCUTION D&rsquo;UN IMMEUBLE TERTIAIRE \u00c0 CHARTRES (28)<\/h3>\n\n\n\n<p class=\"has-custom-orange-tpec-color has-text-color has-link-color wp-elements-ef98d41b08913e9a4e1734af01515ef5 wp-block-paragraph\" style=\"font-size:clamp(0.875rem, 0.875rem + ((1vw - 0.2rem) * 0.04), 0.9rem);\">20 avril 2026<\/p>\n\n\n\n<p class=\"has-link-color wp-elements-3fa2365bcc0ecac09fed2bb88235c3e2 wp-block-paragraph\" style=\"font-size:clamp(0.875rem, 0.875rem + ((1vw - 0.2rem) * 0.04), 0.9rem);\">TPEC d\u00e9marre la construction d\u2019un nouvel immeuble tertiaire en R+3, con\u00e7u pour offrir un cadre de travail moderne et qualitatif au c\u0153ur de Chartres.<\/p>\n\n\n\n<p class=\"wp-block-paragraph\" style=\"font-size:clamp(0.875rem, 0.875rem + ((1vw - 0.2rem) * 0.04), 0.9rem);\">Le projet pr\u00e9voit notamment une terrasse rooftop offrant une vue sur la cath\u00e9drale, ainsi qu\u2019un parking en sous-sol. Le b\u00e2timent est con\u00e7u selon les exigences de la <strong>RE<\/strong>2<strong>020<\/strong> et fait l\u2019objet d\u2019une mission de conception et construction cl\u00e9 en main, de la conception \u00e0 la livraison.<\/p>\n<\/div>\n<\/div>\n<\/div>\n\n\n\n<div class=\"wp-block-group has-global-padding is-layout-constrained wp-block-group-is-layout-constrained\">\n<div class=\"wp-block-columns alignwide has-border-color has-custom-gris-tpec-border-color is-layout-flex wp-container-core-columns-is-layout-d08b7b4c wp-block-columns-is-layout-flex\" style=\"border-width:1px;box-shadow:var(--wp--preset--shadow--natural)\">\n<div class=\"wp-block-column is-layout-flow wp-container-core-column-is-layout-433db7a1 wp-block-column-is-layout-flow\" style=\"padding-top:var(--wp--preset--spacing--50);padding-right:var(--wp--preset--spacing--60);padding-bottom:var(--wp--preset--spacing--50);padding-left:var(--wp--preset--spacing--60);flex-basis:60%\">\n<h3 class=\"wp-block-heading has-black-color has-text-color has-link-color has-mulish-font-family has-medium-font-size wp-elements-e49ebf8a984db2dd3dceeada9d999a73\">TPEC LIVRE LA R\u00c9HABILITATION D&rsquo;UN B\u00c2TIMENT INDUSTRIEL \u00c0 GARENNES-SUR-EURE (27)<\/h3>\n\n\n\n<p class=\"has-custom-orange-tpec-color has-text-color has-link-color wp-elements-01cab348426f256e767a8a2564aeea90 wp-block-paragraph\" style=\"font-size:clamp(0.875rem, 0.875rem + ((1vw - 0.2rem) * 0.04), 0.9rem);\">16 avril 2026<\/p>\n\n\n\n<p class=\"has-link-color wp-elements-c9d9f85bf36d645409bf6e8125d0597d wp-block-paragraph\" style=\"font-size:clamp(0.875rem, 0.875rem + ((1vw - 0.2rem) * 0.04), 0.9rem);\">TPEC a livr\u00e9 la r\u00e9habilitation de la toiture d\u2019un b\u00e2timent existant, avec la reprise d\u2019une partie de la couverture et sa transformation en toiture blanche, contribuant ainsi \u00e0 am\u00e9liorer les performances du b\u00e2timent.<\/p>\n\n\n\n<p class=\"wp-block-paragraph\" style=\"font-size:clamp(0.875rem, 0.875rem + ((1vw - 0.2rem) * 0.04), 0.9rem);\">Le projet a \u00e9galement permis l\u2019installation d\u2019un syst\u00e8me de climatisation dans les espaces de stockage, afin d\u2019am\u00e9liorer les conditions d\u2019exploitation du site.<\/p>\n<\/div>\n\n\n\n<div class=\"wp-block-column is-layout-flow wp-block-column-is-layout-flow\" style=\"flex-basis:40%\">\n<figure class=\"wp-block-image size-large is-resized\"><img loading=\"lazy\" decoding=\"async\" width=\"1024\" height=\"512\" src=\"https:\/\/tpec.fr\/wp-content\/uploads\/2026\/09\/Vue-aerienne-1024x512.png\" alt=\"\" class=\"wp-image-2120\" style=\"aspect-ratio:16\/9;object-fit:cover;object-position:58% 52%;width:600px\" srcset=\"https:\/\/tpec.fr\/wp-content\/uploads\/2026\/09\/Vue-aerienne-1024x512.png 1024w, https:\/\/tpec.fr\/wp-content\/uploads\/2026\/09\/Vue-aerienne-300x150.png 300w, https:\/\/tpec.fr\/wp-content\/uploads\/2026\/09\/Vue-aerienne-768x384.png 768w, https:\/\/tpec.fr\/wp-content\/uploads\/2026\/09\/Vue-aerienne-1536x768.png 1536w, https:\/\/tpec.fr\/wp-content\/uploads\/2026\/09\/Vue-aerienne-2048x1024.png 2048w\" sizes=\"(max-width: 1024px) 100vw, 1024px\" \/><\/figure>\n<\/div>\n<\/div>\n<\/div>\n\n\n\n<div class=\"wp-block-group has-global-padding is-layout-constrained wp-block-group-is-layout-constrained\">\n<div class=\"wp-block-columns alignwide has-border-color has-custom-gris-tpec-border-color is-layout-flex wp-container-core-columns-is-layout-d08b7b4c wp-block-columns-is-layout-flex\" style=\"border-width:1px;box-shadow:var(--wp--preset--shadow--natural)\">\n<div class=\"wp-block-column is-layout-flow wp-block-column-is-layout-flow\" style=\"flex-basis:40%\">\n<figure class=\"wp-block-image size-large is-resized\"><img loading=\"lazy\" decoding=\"async\" width=\"1024\" height=\"724\" src=\"https:\/\/tpec.fr\/wp-content\/uploads\/2026\/09\/TPEC_Gazette_geode_n5-1024x724.png\" alt=\"\" class=\"wp-image-2112\" style=\"width:600px\" srcset=\"https:\/\/tpec.fr\/wp-content\/uploads\/2026\/09\/TPEC_Gazette_geode_n5-1024x724.png 1024w, https:\/\/tpec.fr\/wp-content\/uploads\/2026\/09\/TPEC_Gazette_geode_n5-300x212.png 300w, https:\/\/tpec.fr\/wp-content\/uploads\/2026\/09\/TPEC_Gazette_geode_n5-768x543.png 768w, https:\/\/tpec.fr\/wp-content\/uploads\/2026\/09\/TPEC_Gazette_geode_n5-1536x1086.png 1536w, https:\/\/tpec.fr\/wp-content\/uploads\/2026\/09\/TPEC_Gazette_geode_n5-2048x1448.png 2048w\" sizes=\"(max-width: 1024px) 100vw, 1024px\" \/><\/figure>\n<\/div>\n\n\n\n<div class=\"wp-block-column is-layout-flow wp-container-core-column-is-layout-433db7a1 wp-block-column-is-layout-flow\" style=\"padding-top:var(--wp--preset--spacing--50);padding-right:var(--wp--preset--spacing--60);padding-bottom:var(--wp--preset--spacing--50);padding-left:var(--wp--preset--spacing--60);flex-basis:60%\">\n<h3 class=\"wp-block-heading has-black-color has-text-color has-link-color has-mulish-font-family has-medium-font-size wp-elements-cbd15ebb73c030a404a75218d25694a4\">RETOUR SUR LE PROJET ASAHI DIAMOND INDUSTRIAL EUROPE DANS LA GAZETTE G\u00c9ODES #5<\/h3>\n\n\n\n<p class=\"has-custom-orange-tpec-color has-text-color has-link-color wp-elements-69ae89944ac4f297aa0ec3ecfc7f35b6 wp-block-paragraph\" style=\"font-size:clamp(0.875rem, 0.875rem + ((1vw - 0.2rem) * 0.04), 0.9rem);\">26 mars 2026<\/p>\n\n\n\n<p class=\"has-link-color wp-elements-e5c3649e1294da9814686113caba451c wp-block-paragraph\" style=\"font-size:clamp(0.875rem, 0.875rem + ((1vw - 0.2rem) * 0.04), 0.9rem);\">TPEC a eu le plaisir de faire l\u2019objet d\u2019une <strong>double page dans la Gazette GEODES<\/strong>, \u00e0 travers un article consacr\u00e9 \u00e0 notre activit\u00e9 et notamment au <strong>chantier ASAHI \u00e0 Chartres<\/strong>.<\/p>\n\n\n\n<p class=\"wp-block-paragraph\" style=\"font-size:clamp(0.875rem, 0.875rem + ((1vw - 0.2rem) * 0.04), 0.9rem);\">L\u2019occasion de revenir sur ce projet industriel d\u2019envergure et de pr\u00e9senter notre approche de la conception et du suivi de projets, au plus pr\u00e8s des enjeux techniques et des besoins de nos clients.<\/p>\n\n\n\n<p class=\"has-link-color wp-elements-f1a5f8d5cbefe1f1fe0b3c34876a3c92 wp-block-paragraph\" style=\"font-size:clamp(0.875rem, 0.875rem + ((1vw - 0.2rem) * 0.04), 0.9rem);\">Une belle mise en lumi\u00e8re du travail r\u00e9alis\u00e9 par toute l\u2019\u00e9quipe TPEC et de notre engagement dans la r\u00e9alisation de projets industriels et tertiaires sur le territoire.<\/p>\n<\/div>\n<\/div>\n<\/div>\n\n\n\n<div class=\"wp-block-group has-global-padding is-layout-constrained wp-block-group-is-layout-constrained\">\n<div class=\"wp-block-columns alignwide has-border-color has-custom-gris-tpec-border-color is-layout-flex wp-container-core-columns-is-layout-d08b7b4c wp-block-columns-is-layout-flex\" style=\"border-width:1px;box-shadow:var(--wp--preset--shadow--natural)\">\n<div class=\"wp-block-column is-layout-flow wp-container-core-column-is-layout-433db7a1 wp-block-column-is-layout-flow\" style=\"padding-top:var(--wp--preset--spacing--50);padding-right:var(--wp--preset--spacing--60);padding-bottom:var(--wp--preset--spacing--50);padding-left:var(--wp--preset--spacing--60);flex-basis:60%\">\n<h3 class=\"wp-block-heading has-black-color has-text-color has-link-color has-mulish-font-family has-medium-font-size wp-elements-b86528f1f9296aec42f2d993621e0857\">TPEC LIVRE LA NOUVELLE USINE D&rsquo;ORSINI \u00c0 OUARVILLE (28)<\/h3>\n\n\n\n<p class=\"has-custom-orange-tpec-color has-text-color has-link-color wp-elements-49276ed7f4de57c290454f17ef0bbcfd wp-block-paragraph\" style=\"font-size:clamp(0.875rem, 0.875rem + ((1vw - 0.2rem) * 0.04), 0.9rem);\">9 f\u00e9vrier 2026<\/p>\n\n\n\n<p class=\"has-link-color wp-elements-862ef3a344ce9a65cc9894f6e937194a wp-block-paragraph\" style=\"font-size:clamp(0.875rem, 0.875rem + ((1vw - 0.2rem) * 0.04), 0.9rem);\">\u00c0 la suite d\u2019un incendie ayant entra\u00een\u00e9 la destruction totale du site, TPEC a accompagn\u00e9 la reconstruction de l\u2019usine ORSINI \u00e0 Ouarville, avec l\u2019objectif de redonner \u00e0 l\u2019entreprise un outil de production adapt\u00e9 \u00e0 son activit\u00e9.<\/p>\n\n\n\n<p class=\"wp-block-paragraph\" style=\"font-size:clamp(0.875rem, 0.875rem + ((1vw - 0.2rem) * 0.04), 0.9rem);\">Le nouveau b\u00e2timent est soumis aux rubriques ICPE 24.10 \u00e0 enregistrement et 15.32 \u00e0 d\u00e9claration, et int\u00e8gre notamment une installation de sprinklage d\u00e9di\u00e9e \u00e0 la protection incendie du site.<\/p>\n\n\n\n<p class=\"has-link-color wp-elements-f4df51c00621fca18f4028899b0ad590 wp-block-paragraph\" style=\"font-size:clamp(0.875rem, 0.875rem + ((1vw - 0.2rem) * 0.04), 0.9rem);\">Un projet de reconstruction majeur, permettant \u00e0 ORSINI de retrouver un outil industriel performant, s\u00e9curis\u00e9 et adapt\u00e9 \u00e0 son d\u00e9veloppement.<\/p>\n<\/div>\n\n\n\n<div class=\"wp-block-column is-layout-flow wp-block-column-is-layout-flow\" style=\"flex-basis:40%\">\n<figure class=\"wp-block-image size-large is-resized\"><img loading=\"lazy\" decoding=\"async\" width=\"1024\" height=\"768\" src=\"https:\/\/tpec.fr\/wp-content\/uploads\/2026\/09\/DJI_0090-1024x768.jpg\" alt=\"\" class=\"wp-image-2149\" style=\"aspect-ratio:16\/9;object-fit:cover;object-position:57% 85%;width:600px\" srcset=\"https:\/\/tpec.fr\/wp-content\/uploads\/2026\/09\/DJI_0090-1024x768.jpg 1024w, https:\/\/tpec.fr\/wp-content\/uploads\/2026\/09\/DJI_0090-300x225.jpg 300w, https:\/\/tpec.fr\/wp-content\/uploads\/2026\/09\/DJI_0090-768x576.jpg 768w, https:\/\/tpec.fr\/wp-content\/uploads\/2026\/09\/DJI_0090-1536x1152.jpg 1536w, https:\/\/tpec.fr\/wp-content\/uploads\/2026\/09\/DJI_0090-2048x1536.jpg 2048w\" sizes=\"(max-width: 1024px) 100vw, 1024px\" \/><\/figure>\n<\/div>\n<\/div>\n<\/div>\n\n\n\n<div class=\"wp-block-group has-global-padding is-layout-constrained wp-block-group-is-layout-constrained\">\n<div class=\"wp-block-columns alignwide has-border-color has-custom-gris-tpec-border-color is-layout-flex wp-container-core-columns-is-layout-d08b7b4c wp-block-columns-is-layout-flex\" style=\"border-width:1px;box-shadow:var(--wp--preset--shadow--natural)\">\n<div class=\"wp-block-column is-layout-flow wp-block-column-is-layout-flow\" style=\"flex-basis:40%\">\n<figure class=\"wp-block-image size-large is-resized\"><img loading=\"lazy\" decoding=\"async\" width=\"1024\" height=\"576\" src=\"https:\/\/tpec.fr\/wp-content\/uploads\/2026\/09\/Vue-depuis-la-rocade-1024x576.png\" alt=\"\" class=\"wp-image-2107\" style=\"aspect-ratio:16\/9;object-fit:cover;object-position:53% 42%;width:600px\" srcset=\"https:\/\/tpec.fr\/wp-content\/uploads\/2026\/09\/Vue-depuis-la-rocade-1024x576.png 1024w, https:\/\/tpec.fr\/wp-content\/uploads\/2026\/09\/Vue-depuis-la-rocade-300x169.png 300w, https:\/\/tpec.fr\/wp-content\/uploads\/2026\/09\/Vue-depuis-la-rocade-768x432.png 768w, https:\/\/tpec.fr\/wp-content\/uploads\/2026\/09\/Vue-depuis-la-rocade-1536x864.png 1536w, https:\/\/tpec.fr\/wp-content\/uploads\/2026\/09\/Vue-depuis-la-rocade-2048x1152.png 2048w\" sizes=\"(max-width: 1024px) 100vw, 1024px\" \/><\/figure>\n<\/div>\n\n\n\n<div class=\"wp-block-column is-layout-flow wp-container-core-column-is-layout-3c0e100c wp-block-column-is-layout-flow\" style=\"padding-top:var(--wp--preset--spacing--50);padding-right:var(--wp--preset--spacing--60);padding-bottom:var(--wp--preset--spacing--40);padding-left:var(--wp--preset--spacing--60);flex-basis:60%\">\n<h3 class=\"wp-block-heading has-black-color has-text-color has-link-color has-mulish-font-family has-medium-font-size wp-elements-ab7299c84354edf17ab6ff6d4289a633\">TPEC D\u00c9MARRE LA CONSTRUCTION DE DEUX B\u00c2TIMENTS D\u00c9DI\u00c9S \u00c0 DES ACTIVIT\u00c9S TERTIAIRES ET COMMERCIALES \u00c0 FONTENAY-SUR-EURE (28)<\/h3>\n\n\n\n<p class=\"has-custom-orange-tpec-color has-text-color has-link-color wp-elements-19c8320d948f5551811bf2af446ea5a8 wp-block-paragraph\" style=\"font-size:clamp(0.875rem, 0.875rem + ((1vw - 0.2rem) * 0.04), 0.9rem);\">12 janvier 2026<\/p>\n\n\n\n<p class=\"has-link-color wp-elements-c87c1c246d3149f5507575bec88504db wp-block-paragraph\" style=\"font-size:clamp(0.875rem, 0.875rem + ((1vw - 0.2rem) * 0.04), 0.9rem);\">TPEC assure le suivi de chantier en tant qu\u2019OPC pour la construction de deux b\u00e2timents regroupant des cellules tertiaires et commerciales : un premier b\u00e2timent compos\u00e9 de 8 cellules et un second de 5 cellules.<\/p>\n\n\n\n<p class=\"has-link-color wp-elements-b4546388f274c80426e00bf8198c1f13 wp-block-paragraph\" style=\"font-size:clamp(0.875rem, 0.875rem + ((1vw - 0.2rem) * 0.04), 0.9rem);\">Le projet comprend \u00e9galement des espaces de bureaux r\u00e9pondant aux exigences de la RE2020, ainsi qu\u2019une cour commune am\u00e9nag\u00e9e avec des places de stationnement.<\/p>\n<\/div>\n<\/div>\n<\/div>\n\n\n\n<div class=\"wp-block-group has-global-padding is-layout-constrained wp-block-group-is-layout-constrained\">\n<div class=\"wp-block-columns alignwide has-border-color has-custom-gris-tpec-border-color is-layout-flex wp-container-core-columns-is-layout-d08b7b4c wp-block-columns-is-layout-flex\" style=\"border-width:1px;box-shadow:var(--wp--preset--shadow--natural)\">\n<div class=\"wp-block-column is-layout-flow wp-container-core-column-is-layout-433db7a1 wp-block-column-is-layout-flow\" style=\"padding-top:var(--wp--preset--spacing--50);padding-right:var(--wp--preset--spacing--60);padding-bottom:var(--wp--preset--spacing--50);padding-left:var(--wp--preset--spacing--60);flex-basis:60%\">\n<h3 class=\"wp-block-heading has-black-color has-text-color has-link-color has-mulish-font-family has-medium-font-size wp-elements-caaa127b196e9d7f7d882a56155c1553\">TPEC LIVRE L&rsquo;EXTENSION DE L&rsquo;ENTREP\u00d4T LOGISTIQUE DE TRANSLOCAUTO \u00c0 DREUX (28)<\/h3>\n\n\n\n<p class=\"has-custom-orange-tpec-color has-text-color has-link-color wp-elements-d06a9deefa126850274a69cecefe027b wp-block-paragraph\" style=\"font-size:clamp(0.875rem, 0.875rem + ((1vw - 0.2rem) * 0.04), 0.9rem);\">18 d\u00e9cembre 2025<\/p>\n\n\n\n<p class=\"has-link-color wp-elements-d12b3ad12e37ced37868695af8a69894 wp-block-paragraph\" style=\"font-size:clamp(0.875rem, 0.875rem + ((1vw - 0.2rem) * 0.04), 0.9rem);\">TPEC a accompagn\u00e9 TLA pour la r\u00e9alisation de l\u2019extension de son entrep\u00f4t logistique, avec la cr\u00e9ation de 9 000 m\u00b2 suppl\u00e9mentaires d\u00e9di\u00e9s \u00e0 son activit\u00e9.<\/p>\n\n\n\n<p class=\"has-link-color wp-elements-f2afe7b18d61bd14c2940262cd371ab5 wp-block-paragraph\" style=\"font-size:clamp(0.875rem, 0.875rem + ((1vw - 0.2rem) * 0.04), 0.9rem);\">Class\u00e9 ICPE 15.10 \u00e0 enregistrement, ce projet constitue le 5\u1d49 projet r\u00e9alis\u00e9 par TPEC sur le site, t\u00e9moignant de la confiance renouvel\u00e9e de TLA envers notre \u00e9quipe et notre expertise dans les projets logistiques.<\/p>\n<\/div>\n\n\n\n<div class=\"wp-block-column is-layout-flow wp-block-column-is-layout-flow\" style=\"flex-basis:40%\">\n<figure class=\"wp-block-image size-large is-resized\"><img loading=\"lazy\" decoding=\"async\" width=\"1024\" height=\"609\" src=\"https:\/\/tpec.fr\/wp-content\/uploads\/2024\/07\/tla-extension-dreux--1024x609.png\" alt=\"\" class=\"wp-image-1420\" style=\"aspect-ratio:16\/9;object-fit:cover;object-position:64% 100%;width:600px\" srcset=\"https:\/\/tpec.fr\/wp-content\/uploads\/2024\/07\/tla-extension-dreux--1024x609.png 1024w, https:\/\/tpec.fr\/wp-content\/uploads\/2024\/07\/tla-extension-dreux--300x178.png 300w, https:\/\/tpec.fr\/wp-content\/uploads\/2024\/07\/tla-extension-dreux--768x457.png 768w, https:\/\/tpec.fr\/wp-content\/uploads\/2024\/07\/tla-extension-dreux-.png 1233w\" sizes=\"(max-width: 1024px) 100vw, 1024px\" \/><\/figure>\n<\/div>\n<\/div>\n<\/div>\n\n\n\n<div class=\"wp-block-group has-global-padding is-layout-constrained wp-block-group-is-layout-constrained\">\n<div class=\"wp-block-columns alignwide has-border-color has-custom-gris-tpec-border-color is-layout-flex wp-container-core-columns-is-layout-d08b7b4c wp-block-columns-is-layout-flex\" style=\"border-width:1px;box-shadow:var(--wp--preset--shadow--natural)\">\n<div class=\"wp-block-column is-layout-flow wp-block-column-is-layout-flow\" style=\"flex-basis:40%\">\n<figure class=\"wp-block-image size-large is-resized\"><img loading=\"lazy\" decoding=\"async\" width=\"1024\" height=\"576\" src=\"https:\/\/tpec.fr\/wp-content\/uploads\/2026\/09\/DJI_0057-edited-1024x576.jpeg\" alt=\"\" class=\"wp-image-2059\" style=\"aspect-ratio:16\/9;object-fit:cover;object-position:51% 42%;width:600px\" srcset=\"https:\/\/tpec.fr\/wp-content\/uploads\/2026\/09\/DJI_0057-edited-1024x576.jpeg 1024w, https:\/\/tpec.fr\/wp-content\/uploads\/2026\/09\/DJI_0057-edited-300x169.jpeg 300w, https:\/\/tpec.fr\/wp-content\/uploads\/2026\/09\/DJI_0057-edited-768x432.jpeg 768w, https:\/\/tpec.fr\/wp-content\/uploads\/2026\/09\/DJI_0057-edited-1536x864.jpeg 1536w, https:\/\/tpec.fr\/wp-content\/uploads\/2026\/09\/DJI_0057-edited-2048x1152.jpeg 2048w\" sizes=\"(max-width: 1024px) 100vw, 1024px\" \/><\/figure>\n<\/div>\n\n\n\n<div class=\"wp-block-column is-layout-flow wp-container-core-column-is-layout-433db7a1 wp-block-column-is-layout-flow\" style=\"padding-top:var(--wp--preset--spacing--50);padding-right:var(--wp--preset--spacing--60);padding-bottom:var(--wp--preset--spacing--50);padding-left:var(--wp--preset--spacing--60);flex-basis:60%\">\n<h3 class=\"wp-block-heading has-black-color has-text-color has-link-color has-mulish-font-family has-medium-font-size wp-elements-49cc0ebbc31bc9307f9c82270cb4e761\">TPEC LIVRE LA NOUVELLE USINE D&rsquo;ASAHI DIAMOND INDUSTRIAL EUROPE \u00c0 CHARTRES (28)<\/h3>\n\n\n\n<p class=\"has-custom-orange-tpec-color has-text-color has-link-color wp-elements-a36ec3abea5d9a2aad4d375de6c2a8a8 wp-block-paragraph\" style=\"font-size:clamp(0.875rem, 0.875rem + ((1vw - 0.2rem) * 0.04), 0.9rem);\">27 janvier 2025<\/p>\n\n\n\n<p class=\"has-link-color wp-elements-727939e7e1924d51b5b2dc460c876a1a wp-block-paragraph\" style=\"font-size:clamp(0.875rem, 0.875rem + ((1vw - 0.2rem) * 0.04), 0.9rem);\">TPEC est fier d\u2019annoncer la livraison du projet ASAHI DIAMOND \u00e0 Chartres, un b\u00e2timent industriel con\u00e7u autour des exigences sp\u00e9cifiques de son process de production.<\/p>\n\n\n\n<p class=\"has-link-color wp-elements-3d03d9447b34866050f9fc552319d925 wp-block-paragraph\" style=\"font-size:clamp(0.875rem, 0.875rem + ((1vw - 0.2rem) * 0.04), 0.9rem);\">Class\u00e9 ICPE au titre des rubriques 25.64 et 25.65 soumis \u00e0 Enregistrement, le projet associe une structure en charpente b\u00e9ton \u00e0 des espaces de bureaux con\u00e7us selon les exigences de la RE2020. L\u2019organisation du b\u00e2timent a \u00e9t\u00e9 pens\u00e9e autour du process industriel afin d\u2019optimiser les flux, les usages et le fonctionnement global du site.<\/p>\n<\/div>\n<\/div>\n<\/div>\n","protected":false},"excerpt":{"rendered":"<p>TPEC D\u00c9MARRE LA CONSTRUCTION D&rsquo;UN B\u00c2TIMENT COMMERCIAL \u00c0 MAINVILLIERS (28) XX septembre 2026 TPEC d\u00e9marre la construction d\u2019un nouveau b\u00e2timent commercial au sein de la ZAC des P\u00f4les Ouest, compos\u00e9 d\u2019un magasin et d\u2019un atelier, dans le cadre d\u2019une mission de conception et construction cl\u00e9 en main. Le projet int\u00e8gre \u00e9galement des panneaux photovolta\u00efques en [&hellip;]<\/p>\n","protected":false},"author":2,"featured_media":0,"parent":0,"menu_order":0,"comment_status":"closed","ping_status":"closed","template":"","meta":{"_acf_changed":false,"footnotes":""},"class_list":["post-1755","page","type-page","status-publish","hentry"],"acf":[],"_links":{"self":[{"href":"https:\/\/tpec.fr\/index.php\/wp-json\/wp\/v2\/pages\/1755","targetHints":{"allow":["GET"]}}],"collection":[{"href":"https:\/\/tpec.fr\/index.php\/wp-json\/wp\/v2\/pages"}],"about":[{"href":"https:\/\/tpec.fr\/index.php\/wp-json\/wp\/v2\/types\/page"}],"author":[{"embeddable":true,"href":"https:\/\/tpec.fr\/index.php\/wp-json\/wp\/v2\/users\/2"}],"replies":[{"embeddable":true,"href":"https:\/\/tpec.fr\/index.php\/wp-json\/wp\/v2\/comments?post=1755"}],"version-history":[{"count":17,"href":"https:\/\/tpec.fr\/index.php\/wp-json\/wp\/v2\/pages\/1755\/revisions"}],"predecessor-version":[{"id":2153,"href":"https:\/\/tpec.fr\/index.php\/wp-json\/wp\/v2\/pages\/1755\/revisions\/2153"}],"wp:attachment":[{"href":"https:\/\/tpec.fr\/index.php\/wp-json\/wp\/v2\/media?parent=1755"}],"curies":[{"name":"wp","href":"https:\/\/api.w.org\/{rel}","templated":true}]}}